{"id":605,"date":"2026-03-13T01:06:05","date_gmt":"2026-03-13T01:06:05","guid":{"rendered":"https:\/\/caniem.org\/premios-arte-editorial\/?post_type=product&#038;p=605"},"modified":"2026-03-13T01:10:32","modified_gmt":"2026-03-13T01:10:32","slug":"la-balada-de-los-ninos-muertos","status":"publish","type":"product","link":"https:\/\/caniem.org\/premios-arte-editorial\/producto\/la-balada-de-los-ninos-muertos\/","title":{"rendered":"La balada de los ni\u00f1os muertos"},"content":{"rendered":"<p>.<\/p>\n","protected":false},"excerpt":{"rendered":"<table class=\"woocommerce-product-attributes shop_attributes\">\n<tbody>\n<tr class=\"woocommerce-product-attributes-item woocommerce-product-attributes-item--attribute_pa_autor\">\n<th class=\"woocommerce-product-attributes-item__label\">T\u00edtulo<\/th>\n<td class=\"woocommerce-product-attributes-item__value\">La balada de los ni\u00f1os muertos<\/td>\n<\/tr>\n<tr class=\"woocommerce-product-attributes-item woocommerce-product-attributes-item--attribute_pa_autor\">\n<th class=\"woocommerce-product-attributes-item__label\">Autor<\/th>\n<td class=\"woocommerce-product-attributes-item__value\">Blanco, Efra\u00edn; Serra, Daniele.(Ilustraciones)<\/td>\n<\/tr>\n<tr class=\"woocommerce-product-attributes-item woocommerce-product-attributes-item--attribute_pa_editorial\">\n<th class=\"woocommerce-product-attributes-item__label\">Editorial<\/th>\n<td class=\"woocommerce-product-attributes-item__value\">Fondo de Cultura Econ\u00f3mica<\/td>\n<\/tr>\n<tr class=\"woocommerce-product-attributes-item woocommerce-product-attributes-item--attribute_pa_sello-editorial\">\n<th class=\"woocommerce-product-attributes-item__label\">Colecci\u00f3n<\/th>\n<td class=\"woocommerce-product-attributes-item__value\">&#8211;<\/td>\n<\/tr>\n<tr class=\"woocommerce-product-attributes-item woocommerce-product-attributes-item--attribute_pa_isbn\">\n<th class=\"woocommerce-product-attributes-item__label\">A\u00f1o de premiaci\u00f3n<\/th>\n<td class=\"woocommerce-product-attributes-item__value\">2024<\/td>\n<\/tr>\n<tr class=\"woocommerce-product-attributes-item woocommerce-product-attributes-item--attribute_pa_numero-de-edicion\">\n<th class=\"woocommerce-product-attributes-item__label\">N\u00famero de edici\u00f3n<\/th>\n<td class=\"woocommerce-product-attributes-item__value\">Primera edici\u00f3n<\/td>\n<\/tr>\n<tr class=\"woocommerce-product-attributes-item woocommerce-product-attributes-item--attribute_pa_ano-de-publicacion\">\n<th class=\"woocommerce-product-attributes-item__label\">A\u00f1o de publicaci\u00f3n<\/th>\n<td class=\"woocommerce-product-attributes-item__value\">2023<\/td>\n<\/tr>\n<tr class=\"woocommerce-product-attributes-item woocommerce-product-attributes-item--attribute_pa_num-paginas\">\n<th class=\"woocommerce-product-attributes-item__label\">ISBN<\/th>\n<td class=\"woocommerce-product-attributes-item__value\">978-607-16-8118-8<\/td>\n<\/tr>\n<tr class=\"woocommerce-product-attributes-item woocommerce-product-attributes-item--attribute_pa_formato\">\n<th class=\"woocommerce-product-attributes-item__label\">Categor\u00eda premiada<\/th>\n<td class=\"woocommerce-product-attributes-item__value\">Libros para j\u00f3venes<\/td>\n<\/tr>\n<tr class=\"woocommerce-product-attributes-item woocommerce-product-attributes-item--attribute_pa_thema\">\n<th class=\"woocommerce-product-attributes-item__label\">Subcategor\u00eda<\/th>\n<td class=\"woocommerce-product-attributes-item__value\">Tapa dura<\/td>\n<\/tr>\n<tr class=\"woocommerce-product-attributes-item woocommerce-product-attributes-item--attribute_pa_nombre-del-contacto\">\n<th class=\"woocommerce-product-attributes-item__label\">Clasificaci\u00f3n THEMA<\/th>\n<td class=\"woocommerce-product-attributes-item__value\" style=\"text-align: justify;\">&#8211;<\/td>\n<\/tr>\n<tr class=\"woocommerce-product-attributes-item woocommerce-product-attributes-item--attribute_pa_nombre-del-contacto\">\n<th class=\"woocommerce-product-attributes-item__label\">N\u00famero de p\u00e1ginas<\/th>\n<td class=\"woocommerce-product-attributes-item__value\">92 p.<\/td>\n<\/tr>\n<tr class=\"woocommerce-product-attributes-item woocommerce-product-attributes-item--attribute_pa_nombre-del-contacto\">\n<th class=\"woocommerce-product-attributes-item__label\">ALTO<\/th>\n<td class=\"woocommerce-product-attributes-item__value\">25 cm<\/td>\n<\/tr>\n<tr class=\"woocommerce-product-attributes-item woocommerce-product-attributes-item--attribute_pa_nombre-del-contacto\">\n<th class=\"woocommerce-product-attributes-item__label\">ANCHO<\/th>\n<td class=\"woocommerce-product-attributes-item__value\">18 cm<\/td>\n<\/tr>\n<tr class=\"woocommerce-product-attributes-item woocommerce-product-attributes-item--attribute_pa_nombre-del-contacto\">\n<th class=\"woocommerce-product-attributes-item__label\">GROSOR<\/th>\n<td class=\"woocommerce-product-attributes-item__value\">1.5 cm<\/td>\n<\/tr>\n<tr class=\"woocommerce-product-attributes-item woocommerce-product-attributes-item--attribute_pa_nombre-del-contacto\">\n<th class=\"woocommerce-product-attributes-item__label\">Soporte (impreso o digital<\/th>\n<td class=\"woocommerce-product-attributes-item__value\">Impreso<\/td>\n<\/tr>\n<tr class=\"woocommerce-product-attributes-item woocommerce-product-attributes-item--attribute_pa_nombre-del-contacto\">\n<th class=\"woocommerce-product-attributes-item__label\">Menci\u00f3n<\/th>\n<td class=\"woocommerce-product-attributes-item__value\">Premiado<\/td>\n<\/tr>\n<tr class=\"woocommerce-product-attributes-item woocommerce-product-attributes-item--attribute_pa_nombre-del-contacto\">\n<th class=\"woocommerce-product-attributes-item__label\">Sinopsis<\/th>\n<td class=\"woocommerce-product-attributes-item__value\" style=\"text-align: justify;\">En Gatonegro, cuna de leyendas de fantasmas, los ni\u00f1os vivos juegan en tanto la luz lo permite. A veces, cuando uno de ellos se distrae y se queda hasta que cae la noche, el Se\u00f1or Muerte aparece, y los ni\u00f1os muertos lo miran enojados arrebatar otra vida. Sin embargo, desde el plano que habitan, los ni\u00f1os muertos ya se han cansado de s\u00f3lo jugar en las tardes, asomarse por las ventanas y cantar una balada triste en el camposanto, ellos claman justicia y saben que es momento de detener a su asesino.<\/td>\n<\/tr>\n<\/tbody>\n<\/table>\n<p>&nbsp;<\/p>\n","protected":false},"featured_media":606,"comment_status":"open","ping_status":"closed","template":"","meta":[],"product_cat":[48,34],"product_tag":[],"_links":{"self":[{"href":"https:\/\/caniem.org\/premios-arte-editorial\/wp-json\/wp\/v2\/product\/605"}],"collection":[{"href":"https:\/\/caniem.org\/premios-arte-editorial\/wp-json\/wp\/v2\/product"}],"about":[{"href":"https:\/\/caniem.org\/premios-arte-editorial\/wp-json\/wp\/v2\/types\/product"}],"replies":[{"embeddable":true,"href":"https:\/\/caniem.org\/premios-arte-editorial\/wp-json\/wp\/v2\/comments?post=605"}],"wp:featuredmedia":[{"embeddable":true,"href":"https:\/\/caniem.org\/premios-arte-editorial\/wp-json\/wp\/v2\/media\/606"}],"wp:attachment":[{"href":"https:\/\/caniem.org\/premios-arte-editorial\/wp-json\/wp\/v2\/media?parent=605"}],"wp:term":[{"taxonomy":"product_cat","embeddable":true,"href":"https:\/\/caniem.org\/premios-arte-editorial\/wp-json\/wp\/v2\/product_cat?post=605"},{"taxonomy":"product_tag","embeddable":true,"href":"https:\/\/caniem.org\/premios-arte-editorial\/wp-json\/wp\/v2\/product_tag?post=605"}],"curies":[{"name":"wp","href":"https:\/\/api.w.org\/{rel}","templated":true}]}}